{"id":166,"date":"2021-09-24T18:56:20","date_gmt":"2021-09-24T16:56:20","guid":{"rendered":"http:\/\/www.informaticaogliastra.it\/catalogoplus\/hcp\/?page_id=166"},"modified":"2022-01-24T17:29:30","modified_gmt":"2022-01-24T16:29:30","slug":"servizi-di-assistenza-educativa-domiciliare-e-territoriale-set","status":"publish","type":"page","link":"https:\/\/www.plusinvetrina.it\/cataloghi\/sad\/servizi-di-assistenza-educativa-domiciliare-e-territoriale-set\/","title":{"rendered":"C. Servizi di assistenza educativa domiciliare e territoriale &#8211; SET"},"content":{"rendered":"\n<div class=\"alignfull wp-block-ugb-text ugb-text ugb-3dfea82 ugb-text--design-side-title-2 ugb-text--columns-1 ugb-main-block ugb-main-block--inner-wide ugb--has-block-background\"><style>.ugb-3dfea82 .ugb-text__title{color:#ffffff;text-align:left}.ugb-3dfea82 .ugb-text__text p{color:#ffffff;text-align:left}.ugb-3dfea82 .ugb-inner-block{text-align:left}.ugb-3dfea82.ugb-text{background-color:var(--paletteColor1,#2872fa)}.ugb-3dfea82.ugb-text:before{background-color:var(--paletteColor1,#2872fa)}<\/style><div class=\"ugb-inner-block ugb-inner-block--wide\"><div class=\"ugb-block-content\"><div class=\"ugb-text__title-wrapper\"><h2 class=\"ugb-text__title\">Servizi di assistenza <br>educativa domiciliare <br>e territoriale &#8211; SET<\/h2><\/div><div class=\"ugb-text__text-wrapper\"><div class=\"ugb-text__text\"><p class=\"ugb-text__text-1\">Il Servizio Educativo professionale risponde all&#8217;esigenza di dare una risposta ai minori e\/o adulti in situazione di svantaggio sociale e\/o problemi comportamentali o educativi.<br>Lo stesso si propone come un intervento psico-sociale svolto a domicilio dell&#8217;utente o presso servizi del territorio, con l&#8217;obiettivo di promuovere le potenzialit\u00e0 esistenti nell&#8217;individuo e garantire al soggetto, minore o adulto in difficolt\u00e0 e alla rispettiva famiglia, un adeguato sostegno, intervenendo sul disagio al fine di incidere sui fattori di rischio e sui danni derivanti dall&#8217;emarginazione e dalle difficolt\u00e0 relazionali.<\/p><\/div><\/div><\/div><\/div><\/div>\n\n\n\n<div class=\"alignfull wp-block-ugb-icon-list ugb-icon-list ugb-58c532b ugb-icon-list--v2 ugb-main-block ugb--has-custom-content-width ugb--has-custom-content-width-tablet ugb--has-custom-content-width-mobile ugb-main-block--inner-wide ugb--has-block-background\"><style>.ugb-58c532b li{margin-bottom:20px !important}.ugb-58c532b li::before{background-image:url('data:image\/svg+xml;base64,PHN2ZyBkYXRhLXByZWZpeD0iZmFzIiBkYXRhLWljb249ImFycm93LXJpZ2h0IiBjbGFzcz0ic3ZnLWlubGluZS0tZmEgZmEtYXJyb3ctcmlnaHQgZmEtdy0xNCIgcm9sZT0iaW1nIiB4bWxucz0iaHR0cDovL3d3dy53My5vcmcvMjAwMC9zdmciIHZpZXdCb3g9IjAgMCA0NDggNTEyIiBzdHlsZT0iZmlsbDogIzI4NzJmYSAhaW1wb3J0YW50OyBjb2xvcjogIzI4NzJmYSAhaW1wb3J0YW50Ij48cGF0aCBmaWxsPSIjMjg3MmZhIiBkPSJNMTkwLjUgNjYuOWwyMi4yLTIyLjJjOS40LTkuNCAyNC42LTkuNCAzMy45IDBMNDQxIDIzOWM5LjQgOS40IDkuNCAyNC42IDAgMzMuOUwyNDYuNiA0NjcuM2MtOS40IDkuNC0yNC42IDkuNC0zMy45IDBsLTIyLjItMjIuMmMtOS41LTkuNS05LjMtMjUgLjQtMzQuM0wzMTEuNCAyOTZIMjRjLTEzLjMgMC0yNC0xMC43LTI0LTI0di0zMmMwLTEzLjMgMTAuNy0yNCAyNC0yNGgyODcuNEwxOTAuOSAxMDEuMmMtOS44LTkuMy0xMC0yNC44LS40LTM0LjN6IiBzdHJva2U9IiMyODcyZmEiIHN0eWxlPSJmaWxsOiByZ2IoNDAsIDExNCwgMjUwKTsgc3Ryb2tlOiByZ2IoNDAsIDExNCwgMjUwKTsiLz48L3N2Zz4=')}.ugb-58c532b li ul{margin-bottom:20px !important}.ugb-58c532b.ugb-icon-list ul{columns:2}.ugb-58c532b.ugb-icon-list{min-height:30vh;align-items:center}.ugb-58c532b.ugb-icon-list > .ugb-inner-block{min-width:auto !important;max-width:75% !important}.ugb-58c532b .ugb-block-title{font-size:18px !important;text-align:center;margin-bottom:45px !important}@media screen and (min-width:768px){.ugb-58c532b.ugb-icon-list{margin-top:0px !important;margin-bottom:0px !important;padding-top:35px !important;padding-right:35px !important;padding-bottom:18px !important;padding-left:35px !important}}@media screen and (max-width:1025px){.ugb-58c532b.ugb-icon-list{min-height:500px}.ugb-58c532b.ugb-icon-list > .ugb-inner-block{min-width:auto !important;max-width:1500px !important}}@media screen and (max-width:768px){.ugb-58c532b.ugb-icon-list ul{columns:1 !important}.ugb-58c532b.ugb-icon-list{margin-top:35px !important;padding-top:18px !important;padding-right:18px !important;padding-bottom:18px !important;padding-left:18px !important}.ugb-58c532b.ugb-icon-list > .ugb-inner-block{min-width:auto !important;max-width:1000px !important}}@media screen and (-ms-high-contrast:active),screen and (-ms-high-contrast:none){.ugb-58c532b.ugb-icon-list{height:30vh}}<\/style><div class=\"ugb-inner-block ugb-inner-block--wide\"><h2 class=\"ugb-block-title\">Il servizio \u00e8 finalizzato a:<\/h2><div class=\"ugb-block-content\"><ul><li>Garantire al beneficiario la permanenza nella propria famiglia, rinforzando le risorse affettive e educative dei genitori, evitandone l&#8217;allontanamento dal proprio ambiente di vita;<\/li><li>Sostenere la famiglia in difficolt\u00e0 educativa, mettendola in condizioni di recuperare il suo ruolo genitoriale e di operare in autonomia;<\/li><li>Stimolare e supportare il soggetto destinatario nel suo personale percorso di crescita;<\/li><li>Favorire l&#8217;integrazione scolastica, lavorativa, culturale e sociale del soggetto destinatario e del suo nucleo familiare nella propria comunit\u00e0;<\/li><li>sviluppare nel soggetto, a seconda dell&#8217;et\u00e0 e del grado di maturazione, la consapevolezza delle proprie risorse e potenzialit\u00e0, nonch\u00e9 l&#8217;acquisizione di abilit\u00e0 e di capacit\u00e0 funzionali<\/li><li>Favorire l&#8217;instaurarsi di un rapporto funzionale al benessere individuale e relazionale nel contesto sociale di riferimento tra minori e adulti e\/o tra pari, &#8211; favorire la permanenza degli utenti nel proprio contesto familiare, in condizioni di sufficiente tutela.<\/li><\/ul><\/div><\/div><\/div>\n\n\n\n<div class=\"alignfull wp-block-ugb-icon-list ugb-icon-list ugb-6e5d618 ugb-icon-list--v2 ugb-main-block ugb--has-custom-content-width ugb--has-custom-content-width-tablet ugb--has-custom-content-width-mobile ugb-main-block--inner-wide ugb--has-block-background\"><style>.ugb-6e5d618 li{margin-bottom:20px !important}.ugb-6e5d618 li::before{background-image:url('data:image\/svg+xml;base64,PHN2ZyBkYXRhLXByZWZpeD0iZmFzIiBkYXRhLWljb249ImFycm93LXJpZ2h0IiBjbGFzcz0ic3ZnLWlubGluZS0tZmEgZmEtYXJyb3ctcmlnaHQgZmEtdy0xNCIgcm9sZT0iaW1nIiB4bWxucz0iaHR0cDovL3d3dy53My5vcmcvMjAwMC9zdmciIHZpZXdCb3g9IjAgMCA0NDggNTEyIiBzdHlsZT0iZmlsbDogIzI4NzJmYSAhaW1wb3J0YW50OyBjb2xvcjogIzI4NzJmYSAhaW1wb3J0YW50Ij48cGF0aCBmaWxsPSIjMjg3MmZhIiBkPSJNMTkwLjUgNjYuOWwyMi4yLTIyLjJjOS40LTkuNCAyNC42LTkuNCAzMy45IDBMNDQxIDIzOWM5LjQgOS40IDkuNCAyNC42IDAgMzMuOUwyNDYuNiA0NjcuM2MtOS40IDkuNC0yNC42IDkuNC0zMy45IDBsLTIyLjItMjIuMmMtOS41LTkuNS05LjMtMjUgLjQtMzQuM0wzMTEuNCAyOTZIMjRjLTEzLjMgMC0yNC0xMC43LTI0LTI0di0zMmMwLTEzLjMgMTAuNy0yNCAyNC0yNGgyODcuNEwxOTAuOSAxMDEuMmMtOS44LTkuMy0xMC0yNC44LS40LTM0LjN6IiBzdHJva2U9IiMyODcyZmEiIHN0eWxlPSJmaWxsOiByZ2IoNDAsIDExNCwgMjUwKTsgc3Ryb2tlOiByZ2IoNDAsIDExNCwgMjUwKTsiLz48L3N2Zz4=')}.ugb-6e5d618 li ul{margin-bottom:20px !important}.ugb-6e5d618.ugb-icon-list ul{columns:2}.ugb-6e5d618.ugb-icon-list{min-height:30vh;align-items:center}.ugb-6e5d618.ugb-icon-list > .ugb-inner-block{min-width:auto !important;max-width:75% !important}.ugb-6e5d618 .ugb-block-title{font-size:18px !important;text-align:center;margin-bottom:45px !important}@media screen and (min-width:768px){.ugb-6e5d618.ugb-icon-list{margin-top:0px !important;margin-bottom:0px !important;padding-top:35px !important;padding-right:35px !important;padding-bottom:18px !important;padding-left:35px !important}}@media screen and (max-width:1025px){.ugb-6e5d618.ugb-icon-list{min-height:500px}.ugb-6e5d618.ugb-icon-list > .ugb-inner-block{min-width:auto !important;max-width:1500px !important}}@media screen and (max-width:768px){.ugb-6e5d618.ugb-icon-list ul{columns:1 !important}.ugb-6e5d618.ugb-icon-list{margin-top:35px !important;padding-top:18px !important;padding-right:18px !important;padding-bottom:18px !important;padding-left:18px !important}.ugb-6e5d618.ugb-icon-list > .ugb-inner-block{min-width:auto !important;max-width:1000px !important}}@media screen and (-ms-high-contrast:active),screen and (-ms-high-contrast:none){.ugb-6e5d618.ugb-icon-list{height:30vh}}<\/style><div class=\"ugb-inner-block ugb-inner-block--wide\"><h2 class=\"ugb-block-title\">Attraverso una progettazione personalizzata, il Servizio Educativo agisce mediante interventi che possono essere rivolti al singolo, minore o adulto, alla coppia genitoriale o all&#8217;intero gruppo familiare. Le azioni attraverso le quali raggiungere gli obiettivi, si esplicano nelle seguenti dimensioni:<\/h2><div class=\"ugb-block-content\"><ul><li>Cura di s\u00e9, delle proprie cose e degli spazi di vita<\/li><li>Sostegno nelle attivit\u00e0 didattiche<\/li><li>Supporto alle funzioni educative genitoriali<\/li><li>Orientamento scolastico e\/o occupazionale<\/li><li>Supporto alla socializzazione<\/li><li>Attivit\u00e0 di mediazione e facilitazione nella relazione genitori-figli<\/li><li>Assistenza e conduzione degli incontri protetti<\/li><li>Accesso alle strutture, servizi e risorse del territorio.<\/li><\/ul><\/div><\/div><\/div>\n\n\n\n<div class=\"alignfull wp-block-ugb-icon-list ugb-icon-list ugb-7b4e9d9 ugb-icon-list--v2 ugb-main-block ugb--has-custom-content-width ugb--has-custom-content-width-tablet ugb--has-custom-content-width-mobile ugb-main-block--inner-wide ugb--has-block-background\"><style>.ugb-7b4e9d9 li{margin-bottom:20px !important}.ugb-7b4e9d9 li::before{background-image:url('data:image\/svg+xml;base64,PHN2ZyBkYXRhLXByZWZpeD0iZmFzIiBkYXRhLWljb249ImFycm93LXJpZ2h0IiBjbGFzcz0ic3ZnLWlubGluZS0tZmEgZmEtYXJyb3ctcmlnaHQgZmEtdy0xNCIgcm9sZT0iaW1nIiB4bWxucz0iaHR0cDovL3d3dy53My5vcmcvMjAwMC9zdmciIHZpZXdCb3g9IjAgMCA0NDggNTEyIiBzdHlsZT0iZmlsbDogIzI4NzJmYSAhaW1wb3J0YW50OyBjb2xvcjogIzI4NzJmYSAhaW1wb3J0YW50Ij48cGF0aCBmaWxsPSIjMjg3MmZhIiBkPSJNMTkwLjUgNjYuOWwyMi4yLTIyLjJjOS40LTkuNCAyNC42LTkuNCAzMy45IDBMNDQxIDIzOWM5LjQgOS40IDkuNCAyNC42IDAgMzMuOUwyNDYuNiA0NjcuM2MtOS40IDkuNC0yNC42IDkuNC0zMy45IDBsLTIyLjItMjIuMmMtOS41LTkuNS05LjMtMjUgLjQtMzQuM0wzMTEuNCAyOTZIMjRjLTEzLjMgMC0yNC0xMC43LTI0LTI0di0zMmMwLTEzLjMgMTAuNy0yNCAyNC0yNGgyODcuNEwxOTAuOSAxMDEuMmMtOS44LTkuMy0xMC0yNC44LS40LTM0LjN6IiBzdHJva2U9IiMyODcyZmEiIHN0eWxlPSJmaWxsOiByZ2IoNDAsIDExNCwgMjUwKTsgc3Ryb2tlOiByZ2IoNDAsIDExNCwgMjUwKTsiLz48L3N2Zz4=')}.ugb-7b4e9d9 li ul{margin-bottom:20px !important}.ugb-7b4e9d9.ugb-icon-list ul{columns:2}.ugb-7b4e9d9.ugb-icon-list{min-height:30vh;align-items:center}.ugb-7b4e9d9.ugb-icon-list > .ugb-inner-block{min-width:auto !important;max-width:75% !important}.ugb-7b4e9d9 .ugb-block-title{font-size:18px !important;text-align:center;margin-bottom:45px !important}@media screen and (min-width:768px){.ugb-7b4e9d9.ugb-icon-list{margin-top:0px !important;margin-bottom:0px !important;padding-top:35px !important;padding-right:35px !important;padding-bottom:18px !important;padding-left:35px !important}}@media screen and (max-width:1025px){.ugb-7b4e9d9.ugb-icon-list{min-height:500px}.ugb-7b4e9d9.ugb-icon-list > .ugb-inner-block{min-width:auto !important;max-width:1500px !important}}@media screen and (max-width:768px){.ugb-7b4e9d9.ugb-icon-list ul{columns:1 !important}.ugb-7b4e9d9.ugb-icon-list{margin-top:35px !important;padding-top:18px !important;padding-right:18px !important;padding-bottom:18px !important;padding-left:18px !important}.ugb-7b4e9d9.ugb-icon-list > .ugb-inner-block{min-width:auto !important;max-width:1000px !important}}@media screen and (-ms-high-contrast:active),screen and (-ms-high-contrast:none){.ugb-7b4e9d9.ugb-icon-list{height:30vh}}<\/style><div class=\"ugb-inner-block ugb-inner-block--wide\"><h2 class=\"ugb-block-title\">Gli interventi propri del servizio si svolgono:<\/h2><div class=\"ugb-block-content\"><ul><li>A domicilio;<\/li><li>Nella scuola;<\/li><li>Nei servizi e nelle risorse del territorio;<\/li><li>In strutture pubbliche o private che erogano servizi di sostegno e socializzazione<\/li><\/ul><\/div><\/div><\/div>\n\n\n\n<div class=\"wp-block-ugb-notification ugb-notification ugb-926c6fa ugb-notification--v2 ugb-notification--design-large-icon ugb-notification--type-info ugb-main-block\"><style>.ugb-926c6fa .ugb-notification__item{border-radius:10px !important;background-color:var(--paletteColor1,#2872fa) !important}.ugb-926c6fa .ugb-notification__item:before{background-image:linear-gradient(90deg,var(--paletteColor1,#2872fa) 0%,#40942b 100%) !important}.ugb-926c6fa .ugb-notification__icon svg:not(.ugb-custom-icon){color:#e4bc0a !important}.ugb-926c6fa .ugb-notification__icon{height:80px !important;width:80px !important;opacity:1 !important;top:0px !important;left:0px !important}.ugb-926c6fa .ugb-notification__icon .ugb-icon-inner-svg,.ugb-926c6fa .ugb-notification__icon .ugb-icon-inner-svg svg{width:80px !important;height:80px !important}.ugb-926c6fa .ugb-notification__icon .ugb-icon-inner-svg{color:#e4bc0a !important;transform:rotate(133deg) !important}.ugb-926c6fa .ugb-notification__description{font-size:20px !important;color:#ffffff !important;text-align:center !important}.ugb-926c6fa .ugb-notification__icon .ugb-icon-inner-svg,.ugb-926c6fa .ugb-notification__icon .ugb-icon-inner-svg svg *{color:#e4bc0a !important;fill:#e4bc0a !important}<\/style><div class=\"ugb-inner-block\"><div class=\"ugb-block-content\"><div class=\"ugb-notification__item ugb-notification--new-icon ugb--shadow-3 ugb--has-background-overlay\"><div class=\"ugb-notification__icon\"><div class=\"ugb-icon-inner-svg\"><svg data-prefix=\"fas\" data-icon=\"ticket-alt\" class=\"svg-inline--fa fa-ticket-alt fa-w-18\" role=\"img\" xmlns=\"http:\/\/www.w3.org\/2000\/svg\" viewBox=\"0 0 576 512\"><path fill=\"currentColor\" d=\"M128 160h320v192H128V160zm400 96c0 26.51 21.49 48 48 48v96c0 26.51-21.49 48-48 48H48c-26.51 0-48-21.49-48-48v-96c26.51 0 48-21.49 48-48s-21.49-48-48-48v-96c0-26.51 21.49-48 48-48h480c26.51 0 48 21.49 48 48v96c-26.51 0-48 21.49-48 48zm-48-104c0-13.255-10.745-24-24-24H120c-13.255 0-24 10.745-24 24v208c0 13.255 10.745 24 24 24h336c13.255 0 24-10.745 24-24V152z\"><\/path><\/svg><\/div><\/div><p class=\"ugb-notification__description\">Tariffa 24,07\u20ac<br>Unit\u00e0 misura: ore\/settimana Centri Territoriali<\/p><\/div><\/div><\/div><\/div>\n\n\n\n<h1 class=\"has-text-align-center wp-block-heading\">Soggetti accreditati per il servizio<\/h1>\n\n\n\n<h1 class=\"has-text-align-center wp-block-heading\">Consorzio Network Etico Italia Soc. Coop. Sociale Consortile ONLUS<\/h1>\n\n\n\n<p class=\"has-text-align-center wp-block-paragraph\"><strong>Via<\/strong> G.M Angioy 18 &#8211; Cagliari<br><strong>Telefono<\/strong>: 070 2046356<br><strong>Mail<\/strong>: novaetica@novaetica.it<\/p>\n\n\n\n<p class=\"has-text-align-center wp-block-paragraph\"><strong>Descrizione prestazione:<\/strong><br>L&#8217;azione educativa \u00e8 progettata al fine di accompagnare tutti i componenti del nucleo familiare verso un maggiore benessere. L&#8217;educatore affianca il minore a livello domiciliare scolastico e del tempo libero offrendo nuove prospettive di relazione, comunicazione e approccio alla realt\u00e0 stimolando il coinvolgimento e l&#8217;autostima verso la costruzione di un progetto di vita. Parallelamente, l&#8217;educatore sostiene i genitori verso l&#8217;assunzione consapevole e partecipata della loro funzione educativa.<br><strong>Centri territoriali:<\/strong><br>Arzana, Bari Sardo, Baunei, Cardedu, Elini, Gairo, Girasole, Ilbono, Jerzu, Lanusei, Loceri, Lotzorai, Osini, Perdasdefogu, Seui, Talana, Tertenia, Tortol\u00ec, Triei, Ulassai, Urzulei, Ussassai, Villagrande Strisaili<\/p>\n\n\n\n<div class=\"wp-block-buttons is-content-justification-center is-layout-flex wp-block-buttons-is-layout-flex\">\n<div class=\"wp-block-button is-style-outline is-style-outline--1\"><a class=\"wp-block-button__link\" href=\"https:\/\/www.plusinvetrina.it\/cataloghi\/sad\/consorzio-network-etico-italia-soc-coop-sociale-consortile-onlus\/\" style=\"border-radius:35px\">Vai al dettaglio del soggetto<\/a><\/div>\n<\/div>\n\n\n\n<div class=\"alignfull wp-block-ugb-icon-list ugb-icon-list ugb-1684514 ugb-icon-list--v2 ugb-main-block ugb--has-custom-content-width ugb-main-block--inner-wide ugb--has-block-background\"><style>.ugb-1684514 li{font-family:\"Lato\",Sans-serif !important}.ugb-1684514 li::before{background-image:url('data:image\/svg+xml;base64,PHN2ZyBkYXRhLXByZWZpeD0iZmFzIiBkYXRhLWljb249ImFycm93LWFsdC1jaXJjbGUtcmlnaHQiIGNsYXNzPSJzdmctaW5saW5lLS1mYSBmYS1hcnJvdy1hbHQtY2lyY2xlLXJpZ2h0IGZhLXctMTYiIHJvbGU9ImltZyIgeG1sbnM9Imh0dHA6Ly93d3cudzMub3JnLzIwMDAvc3ZnIiB2aWV3Qm94PSIwIDAgNTEyIDUxMiIgc3R5bGU9ImZpbGw6ICMxNTU5ZWQgIWltcG9ydGFudDsgY29sb3I6ICMxNTU5ZWQgIWltcG9ydGFudCI+PHBhdGggZmlsbD0iIzE1NTllZCIgZD0iTTI1NiA4YzEzNyAwIDI0OCAxMTEgMjQ4IDI0OFMzOTMgNTA0IDI1NiA1MDQgOCAzOTMgOCAyNTYgMTE5IDggMjU2IDh6TTE0MCAzMDBoMTE2djcwLjljMCAxMC43IDEzIDE2LjEgMjAuNSA4LjVsMTE0LjMtMTE0LjljNC43LTQuNyA0LjctMTIuMiAwLTE2LjlsLTExNC4zLTExNWMtNy42LTcuNi0yMC41LTIuMi0yMC41IDguNVYyMTJIMTQwYy02LjYgMC0xMiA1LjQtMTIgMTJ2NjRjMCA2LjYgNS40IDEyIDEyIDEyeiIgc3Ryb2tlPSIjMTU1OWVkIiBzdHlsZT0iZmlsbDogcmdiKDIxLCA4OSwgMjM3KTsgc3Ryb2tlOiByZ2IoMjEsIDg5LCAyMzcpOyIvPjwvc3ZnPg==')}.ugb-1684514.ugb-icon-list ul{columns:2}.ugb-1684514.ugb-icon-list > .ugb-inner-block{min-width:auto !important;max-width:80% !important}.ugb-1684514 .ugb-block-title{text-align:center}@media screen and (min-width:768px){.ugb-1684514.ugb-icon-list{margin-top:0px !important}}<\/style><div class=\"ugb-inner-block ugb-inner-block--wide\"><h4 class=\"ugb-block-title\"><strong>Esecutrici per il <\/strong><br><strong>Consorzio Network Etico Italia Soc. Coop. Sociale Consortile ONLUS<\/strong><\/h4><div class=\"ugb-block-content\"><ul><li><a href=\"https:\/\/www.plusinvetrina.it\/cataloghi\/sad\/soggetto-cooperativa-bimbo-club\/\" data-type=\"page\" data-id=\"270\">Cooperativa Sociale Bimbo Club<\/a><\/li><li><a href=\"https:\/\/www.plusinvetrina.it\/cataloghi\/sad\/soggetto-cooperativa-sociale-geriatrica-serena-onlus\/\" data-type=\"page\" data-id=\"257\">Cooperativa Sociale Geriatrica Serena Onlus<\/a><\/li><li><a href=\"https:\/\/www.plusinvetrina.it\/cataloghi\/sad\/soggetto-servizi-fiordaliso-societa-cooperativa-sociale\/\" data-type=\"page\" data-id=\"267\">Servizi Sociali Fiordaliso Societ\u00e0 Cooperativa Sociale<\/a><\/li><li><a href=\"https:\/\/www.plusinvetrina.it\/cataloghi\/sad\/soggetto-societa-cooperativa-sociale-la-rondine\/\" data-type=\"page\" data-id=\"279\">Societ\u00e0 cooperativa sociale La Rondine<\/a><\/li><li><a href=\"https:\/\/www.plusinvetrina.it\/cataloghi\/sad\/soggetto-cooperativa-sociale-di-solidarieta-ulassai\/\" data-type=\"page\" data-id=\"264\">Cooperative Sociale Solidariet\u00e0 Ulassai<\/a><\/li><li><a href=\"https:\/\/www.plusinvetrina.it\/cataloghi\/sad\/soggetto-cooperativa-sociale-servizi-mimosa\/\" data-type=\"page\" data-id=\"275\">Cooperativa Sociale Servizi Sociali Mimosa<\/a><\/li><li><a href=\"https:\/\/www.plusinvetrina.it\/cataloghi\/sad\/cooperativa-sociale-laquilone-arl\/\" data-type=\"page\" data-id=\"78\">Cooperativa Sociale L&#8217;Aquilone ARL<\/a><\/li><li><a href=\"https:\/\/www.plusinvetrina.it\/cataloghi\/sad\/soggetto-societa-cooperativa-sociale-ledera-arl\/\" data-type=\"page\" data-id=\"283\">Societ\u00e0 cooperativa L&#8217;edera ARL<\/a><\/li><\/ul><\/div><\/div><\/div>\n","protected":false},"excerpt":{"rendered":"<p>Soggetti accreditati per il servizio Consorzio Network Etico Italia Soc. Coop. Sociale Consortile ONLUS Via G.M Angioy 18 &#8211; CagliariTelefono: 070 2046356Mail: novaetica@novaetica.it Descrizione prestazione:L&#8217;azione educativa \u00e8 progettata al fine di accompagnare tutti i componenti del nucleo familiare verso un maggiore benessere. L&#8217;educatore affianca il minore a livello domiciliare scolastico e del tempo libero offrendo nuove prospettive di relazione, comunicazione e approccio alla realt\u00e0 stimolando il coinvolgimento e l&#8217;autostima verso la costruzione di un progetto di vita. Parallelamente, l&#8217;educatore sostiene i genitori verso l&#8217;assunzione consapevole e partecipata della loro funzione educativa.Centri territoriali:Arzana, Bari Sardo, Baunei, Cardedu, Elini, Gairo, Girasole, Ilbono,\u2026<\/p>\n","protected":false},"author":1,"featured_media":0,"parent":0,"menu_order":0,"comment_status":"closed","ping_status":"closed","template":"","meta":{"footnotes":""},"class_list":["post-166","page","type-page","status-publish","hentry"],"blocksy_meta":{"styles_descriptor":{"styles":{"desktop":"","tablet":"","mobile":""},"google_fonts":[]}},"featured_image_urls":{"full":"","thumbnail":"","medium":"","medium_large":"","large":"","1536x1536":"","2048x2048":""},"post_excerpt_stackable":"<p>Servizi di assistenza educativa domiciliare e territoriale &#8211; SETIl Servizio Educativo professionale risponde all&#8217;esigenza di dare una risposta ai minori e\/o adulti in situazione di svantaggio sociale e\/o problemi comportamentali o educativi.Lo stesso si propone come un intervento psico-sociale svolto a domicilio dell&#8217;utente o presso servizi del territorio, con l&#8217;obiettivo di promuovere le potenzialit\u00e0 esistenti nell&#8217;individuo e garantire al soggetto, minore o adulto in difficolt\u00e0 e alla rispettiva famiglia, un adeguato sostegno, intervenendo sul disagio al fine di incidere sui fattori di rischio e sui danni derivanti dall&#8217;emarginazione e dalle difficolt\u00e0 relazionali. Il servizio \u00e8 finalizzato a:Garantire al beneficiario la&hellip;<\/p>\n","category_list":"","author_info":{"name":"plus","url":"https:\/\/www.plusinvetrina.it\/cataloghi\/sad\/author\/plus\/"},"comments_num":"0 comments","yoast_head":"<!-- This site is optimized with the Yoast SEO Premium plugin v18.0 (Yoast SEO v18.1) - https:\/\/yoast.com\/wordpress\/plugins\/seo\/ -->\n<title>C. Servizi di assistenza educativa domiciliare e territoriale - SET - Plus Ogliastra<\/title>\n<meta name=\"robots\" content=\"index, follow, max-snippet:-1, max-image-preview:large, max-video-preview:-1\" \/>\n<link rel=\"canonical\" href=\"https:\/\/www.plusinvetrina.it\/cataloghi\/sad\/servizi-di-assistenza-educativa-domiciliare-e-territoriale-set\/\" \/>\n<meta property=\"og:locale\" content=\"it_IT\" \/>\n<meta property=\"og:type\" content=\"article\" \/>\n<meta property=\"og:title\" content=\"C. Servizi di assistenza educativa domiciliare e territoriale - SET\" \/>\n<meta property=\"og:description\" content=\"Soggetti accreditati per il servizio Consorzio Network Etico Italia Soc. Coop. Sociale Consortile ONLUS Via G.M Angioy 18 &#8211; CagliariTelefono: 070 2046356Mail: novaetica@novaetica.it Descrizione prestazione:L&#8217;azione educativa \u00e8 progettata al fine di accompagnare tutti i componenti del nucleo familiare verso un maggiore benessere. L&#8217;educatore affianca il minore a livello domiciliare scolastico e del tempo libero offrendo nuove prospettive di relazione, comunicazione e approccio alla realt\u00e0 stimolando il coinvolgimento e l&#8217;autostima verso la costruzione di un progetto di vita. Parallelamente, l&#8217;educatore sostiene i genitori verso l&#8217;assunzione consapevole e partecipata della loro funzione educativa.Centri territoriali:Arzana, Bari Sardo, Baunei, Cardedu, Elini, Gairo, Girasole, Ilbono,\u2026\" \/>\n<meta property=\"og:url\" content=\"https:\/\/www.plusinvetrina.it\/cataloghi\/sad\/servizi-di-assistenza-educativa-domiciliare-e-territoriale-set\/\" \/>\n<meta property=\"og:site_name\" content=\"Plus Ogliastra\" \/>\n<meta property=\"article:modified_time\" content=\"2022-01-24T16:29:30+00:00\" \/>\n<meta name=\"twitter:card\" content=\"summary_large_image\" \/>\n<meta name=\"twitter:label1\" content=\"Tempo di lettura stimato\" \/>\n\t<meta name=\"twitter:data1\" content=\"3 minuti\" \/>\n<script type=\"application\/ld+json\" class=\"yoast-schema-graph\">{\"@context\":\"https:\/\/schema.org\",\"@graph\":[{\"@type\":\"WebSite\",\"@id\":\"https:\/\/www.plusinvetrina.it\/cataloghi\/sad\/#website\",\"url\":\"https:\/\/www.plusinvetrina.it\/cataloghi\/sad\/\",\"name\":\"Plus Ogliastra\",\"description\":\"Catalogo SAD\",\"potentialAction\":[{\"@type\":\"SearchAction\",\"target\":{\"@type\":\"EntryPoint\",\"urlTemplate\":\"https:\/\/www.plusinvetrina.it\/cataloghi\/sad\/?s={search_term_string}\"},\"query-input\":\"required name=search_term_string\"}],\"inLanguage\":\"it-IT\"},{\"@type\":\"WebPage\",\"@id\":\"https:\/\/www.plusinvetrina.it\/cataloghi\/sad\/servizi-di-assistenza-educativa-domiciliare-e-territoriale-set\/#webpage\",\"url\":\"https:\/\/www.plusinvetrina.it\/cataloghi\/sad\/servizi-di-assistenza-educativa-domiciliare-e-territoriale-set\/\",\"name\":\"C. Servizi di assistenza educativa domiciliare e territoriale - SET - Plus Ogliastra\",\"isPartOf\":{\"@id\":\"https:\/\/www.plusinvetrina.it\/cataloghi\/sad\/#website\"},\"datePublished\":\"2021-09-24T16:56:20+00:00\",\"dateModified\":\"2022-01-24T16:29:30+00:00\",\"breadcrumb\":{\"@id\":\"https:\/\/www.plusinvetrina.it\/cataloghi\/sad\/servizi-di-assistenza-educativa-domiciliare-e-territoriale-set\/#breadcrumb\"},\"inLanguage\":\"it-IT\",\"potentialAction\":[{\"@type\":\"ReadAction\",\"target\":[\"https:\/\/www.plusinvetrina.it\/cataloghi\/sad\/servizi-di-assistenza-educativa-domiciliare-e-territoriale-set\/\"]}]},{\"@type\":\"BreadcrumbList\",\"@id\":\"https:\/\/www.plusinvetrina.it\/cataloghi\/sad\/servizi-di-assistenza-educativa-domiciliare-e-territoriale-set\/#breadcrumb\",\"itemListElement\":[{\"@type\":\"ListItem\",\"position\":1,\"name\":\"Home\",\"item\":\"https:\/\/www.plusinvetrina.it\/cataloghi\/sad\/\"},{\"@type\":\"ListItem\",\"position\":2,\"name\":\"C. Servizi di assistenza educativa domiciliare e territoriale &#8211; SET\"}]}]}<\/script>\n<!-- \/ Yoast SEO Premium plugin. -->","yoast_head_json":{"title":"C. Servizi di assistenza educativa domiciliare e territoriale - SET - Plus Ogliastra","robots":{"index":"index","follow":"follow","max-snippet":"max-snippet:-1","max-image-preview":"max-image-preview:large","max-video-preview":"max-video-preview:-1"},"canonical":"https:\/\/www.plusinvetrina.it\/cataloghi\/sad\/servizi-di-assistenza-educativa-domiciliare-e-territoriale-set\/","og_locale":"it_IT","og_type":"article","og_title":"C. Servizi di assistenza educativa domiciliare e territoriale - SET","og_description":"Soggetti accreditati per il servizio Consorzio Network Etico Italia Soc. Coop. Sociale Consortile ONLUS Via G.M Angioy 18 &#8211; CagliariTelefono: 070 2046356Mail: novaetica@novaetica.it Descrizione prestazione:L&#8217;azione educativa \u00e8 progettata al fine di accompagnare tutti i componenti del nucleo familiare verso un maggiore benessere. L&#8217;educatore affianca il minore a livello domiciliare scolastico e del tempo libero offrendo nuove prospettive di relazione, comunicazione e approccio alla realt\u00e0 stimolando il coinvolgimento e l&#8217;autostima verso la costruzione di un progetto di vita. Parallelamente, l&#8217;educatore sostiene i genitori verso l&#8217;assunzione consapevole e partecipata della loro funzione educativa.Centri territoriali:Arzana, Bari Sardo, Baunei, Cardedu, Elini, Gairo, Girasole, Ilbono,\u2026","og_url":"https:\/\/www.plusinvetrina.it\/cataloghi\/sad\/servizi-di-assistenza-educativa-domiciliare-e-territoriale-set\/","og_site_name":"Plus Ogliastra","article_modified_time":"2022-01-24T16:29:30+00:00","twitter_card":"summary_large_image","twitter_misc":{"Tempo di lettura stimato":"3 minuti"},"schema":{"@context":"https:\/\/schema.org","@graph":[{"@type":"WebSite","@id":"https:\/\/www.plusinvetrina.it\/cataloghi\/sad\/#website","url":"https:\/\/www.plusinvetrina.it\/cataloghi\/sad\/","name":"Plus Ogliastra","description":"Catalogo SAD","potentialAction":[{"@type":"SearchAction","target":{"@type":"EntryPoint","urlTemplate":"https:\/\/www.plusinvetrina.it\/cataloghi\/sad\/?s={search_term_string}"},"query-input":"required name=search_term_string"}],"inLanguage":"it-IT"},{"@type":"WebPage","@id":"https:\/\/www.plusinvetrina.it\/cataloghi\/sad\/servizi-di-assistenza-educativa-domiciliare-e-territoriale-set\/#webpage","url":"https:\/\/www.plusinvetrina.it\/cataloghi\/sad\/servizi-di-assistenza-educativa-domiciliare-e-territoriale-set\/","name":"C. Servizi di assistenza educativa domiciliare e territoriale - SET - Plus Ogliastra","isPartOf":{"@id":"https:\/\/www.plusinvetrina.it\/cataloghi\/sad\/#website"},"datePublished":"2021-09-24T16:56:20+00:00","dateModified":"2022-01-24T16:29:30+00:00","breadcrumb":{"@id":"https:\/\/www.plusinvetrina.it\/cataloghi\/sad\/servizi-di-assistenza-educativa-domiciliare-e-territoriale-set\/#breadcrumb"},"inLanguage":"it-IT","potentialAction":[{"@type":"ReadAction","target":["https:\/\/www.plusinvetrina.it\/cataloghi\/sad\/servizi-di-assistenza-educativa-domiciliare-e-territoriale-set\/"]}]},{"@type":"BreadcrumbList","@id":"https:\/\/www.plusinvetrina.it\/cataloghi\/sad\/servizi-di-assistenza-educativa-domiciliare-e-territoriale-set\/#breadcrumb","itemListElement":[{"@type":"ListItem","position":1,"name":"Home","item":"https:\/\/www.plusinvetrina.it\/cataloghi\/sad\/"},{"@type":"ListItem","position":2,"name":"C. Servizi di assistenza educativa domiciliare e territoriale &#8211; SET"}]}]}},"_links":{"self":[{"href":"https:\/\/www.plusinvetrina.it\/cataloghi\/sad\/wp-json\/wp\/v2\/pages\/166","targetHints":{"allow":["GET"]}}],"collection":[{"href":"https:\/\/www.plusinvetrina.it\/cataloghi\/sad\/wp-json\/wp\/v2\/pages"}],"about":[{"href":"https:\/\/www.plusinvetrina.it\/cataloghi\/sad\/wp-json\/wp\/v2\/types\/page"}],"author":[{"embeddable":true,"href":"https:\/\/www.plusinvetrina.it\/cataloghi\/sad\/wp-json\/wp\/v2\/users\/1"}],"replies":[{"embeddable":true,"href":"https:\/\/www.plusinvetrina.it\/cataloghi\/sad\/wp-json\/wp\/v2\/comments?post=166"}],"version-history":[{"count":8,"href":"https:\/\/www.plusinvetrina.it\/cataloghi\/sad\/wp-json\/wp\/v2\/pages\/166\/revisions"}],"predecessor-version":[{"id":515,"href":"https:\/\/www.plusinvetrina.it\/cataloghi\/sad\/wp-json\/wp\/v2\/pages\/166\/revisions\/515"}],"wp:attachment":[{"href":"https:\/\/www.plusinvetrina.it\/cataloghi\/sad\/wp-json\/wp\/v2\/media?parent=166"}],"curies":[{"name":"wp","href":"https:\/\/api.w.org\/{rel}","templated":true}]}}