{"id":267,"date":"2021-09-30T09:01:24","date_gmt":"2021-09-30T07:01:24","guid":{"rendered":"http:\/\/www.informaticaogliastra.it\/catalogoplus\/hcp\/?page_id=267"},"modified":"2022-02-23T09:12:01","modified_gmt":"2022-02-23T08:12:01","slug":"soggetto-servizi-fiordaliso-societa-cooperativa-sociale","status":"publish","type":"page","link":"https:\/\/www.plusinvetrina.it\/cataloghi\/sad\/soggetto-servizi-fiordaliso-societa-cooperativa-sociale\/","title":{"rendered":"Soggetto: Servizi Fiordaliso Societ\u00e0 Cooperativa Sociale"},"content":{"rendered":"\n<div class=\"wp-block-image\"><figure class=\"aligncenter size-full\"><img loading=\"lazy\" decoding=\"async\" width=\"254\" height=\"169\" src=\"http:\/\/www.informaticaogliastra.it\/catalogoplus\/hcp\/wp-content\/uploads\/2021\/09\/fiordaliso.png\" alt=\"\" class=\"wp-image-268\"\/><\/figure><\/div>\n\n\n\n<h2 class=\"has-text-align-center wp-block-heading\" id=\"h-servizi-fiordaliso-societa-cooperativa-sociale\">Servizi Fiordaliso Societ\u00e0 Cooperativa Sociale<\/h2>\n\n\n\n<p class=\"has-text-align-center wp-block-paragraph\"><strong>Consorziata Esecutrice<\/strong><br> <a href=\"https:\/\/www.plusinvetrina.it\/cataloghi\/sad\/consorzio-network-etico-italia-soc-coop-sociale-consortile-onlus\/\" data-type=\"page\" data-id=\"62\">CONSORZIO TERRITORIALE NETWORK ETICO ITALIA SOC. COOP. SOCIALE CONSORTILE ONLUS<\/a><\/p>\n\n\n\n<p class=\"has-text-align-center wp-block-paragraph\"><strong>Indirizzo<\/strong>: Via Umberto I, Bari Sardo<br><strong>Telefono<\/strong>: 3282613539<br><strong>Mail<\/strong>: cooerativafiordaliso@tiscali.it<\/p>\n\n\n\n<h2 class=\"has-text-align-center wp-block-heading\" id=\"h-cv-aziendale\"><strong>CV Aziendale<\/strong><\/h2>\n\n\n\n<p class=\"wp-block-paragraph\">Le prestazioni di tipo socio-assistenziale qualificate ed erogate attraverso il servizio consistono in: Cura del domicilio, Igiene quotidiana\/settimanale, Pratica di cure infermieristiche La Cooperativa &#8220;Servizi Sociali Fiordaliso&#8221; \u00e8 una cooperativa sociale di tipo A nata il 05\/12\/1991, con sede legale nel comune di Bari Sardo. La Cooperativa opera senza finalit\u00e0 di lucro e persegue l\u2019interesse generale della comunit\u00e0 attraverso l&#8217;integrazione sociale e la promozione umana progettando ed erogando servizi socio-assistenziali per minori, adulti e diversamente abili. L&#8217;organico \u00e8 composto da Operatori Socio Sanitari, Educatori, Pedagogisti e Psicologi. I principi ispiratori delle modalit\u00e0 di erogazione dei servizi sono la trasparenza, la professionalit\u00e0, la riservatezza e l&#8217;attenzione per l&#8217;altro, requisiti imprescindibili quando si gestiscono servizi alla persona che comportano la gestione di situazioni umane complesse e delicate. La Cooperativa vanta un&#8217;esperienza pluriennale nella gestione dei seguenti servizi: Assistenza Domiciliare, Assistenza Scolastica, Servizi Educativi, PPS L.162\/98, Home Care Premium, Ludoteche, CAS presso i Comuni di Ussassai, Bari Sardo e Cardedu<\/p>\n\n\n\n<h2 class=\"has-text-align-center wp-block-heading\" id=\"h-prestazioni-accreditate\"><strong>Prestazioni accreditate<\/strong><\/h2>\n\n\n\n<div class=\"alignwide wp-block-ugb-feature-grid ugb-feature-grid ugb-5f02a9e ugb-feature-grid--v2 ugb-feature-grid--columns-3 ugb-feature-grid--design-basic ugb-main-block ugb--has-custom-content-width\"><style>.ugb-5f02a9e .ugb-feature-grid__item{border-radius:25px !important}.ugb-5f02a9e .ugb-button .ugb-button--inner{font-family:\"Poppins\",Sans-serif !important}.ugb-5f02a9e .ugb-button{background-color:var(--paletteColor1,#2872fa);border-radius:25px !important}.ugb-5f02a9e .ugb-button .ugb-button--inner,.ugb-5f02a9e .ugb-button svg:not(.ugb-custom-icon){color:#ffffff !important}.ugb-5f02a9e .ugb-button:before{border-radius:25px !important}.ugb-5f02a9e.ugb-feature-grid > .ugb-inner-block{max-width:80% !important}<\/style><div class=\"ugb-inner-block\"><div class=\"ugb-block-content\"><div class=\"ugb-feature-grid__item ugb-feature-grid__item1\"><div class=\"ugb-feature-grid__content\"><h4 class=\"ugb-feature-grid__title\">Servizi di assistenza domiciliare di base<\/h4><p class=\"ugb-feature-grid__description\">L&#8217;azione prevede l&#8217;assistenza del beneficiario per il soddisfacimento degli impegni di vita quotidiana secondo principi di tutela della domiciliarit\u00e0 e alleggerimento dei carichi di cura dei familiari. L&#8217;operatore provvede alla cura, igiene e pulizia della casa, preparazione pasti, disbrigo pratiche e commissioni, interventi di lavanderia e guardaroba. Tutte le attivit\u00e0 sono svolte nel rispetto dei bisogni del beneficiario che \u00e8 coinvolto nelle attivit\u00e0 nel rispetto delle sue autonomie.<br><strong>Ambito Territoriale<\/strong><br>Bari Sardo, Cardedu, Ussassai<\/p><div class=\"ugb-button-container\"><a class=\"ugb-button ugb-button--size-normal\" href=\"https:\/\/www.plusinvetrina.it\/cataloghi\/sad\/a-servizi-di-assistenza-domiciliare-di-base\/\" rel=\"\" title=\"\"><span class=\"ugb-button--inner\">Vai al servizio<\/span><\/a><\/div><\/div><\/div><div class=\"ugb-feature-grid__item ugb-feature-grid__item2\"><div class=\"ugb-feature-grid__content\"><h4 class=\"ugb-feature-grid__title\">Servizi di assistenza domiciliare qualificata svolti da operatori sociosanitari (OSS)<\/h4><p class=\"ugb-feature-grid__description\"> L&#8217;assistenza qualificata a cura di operatore OSS \u00e8 personalizzata rispetto ai bisogni del beneficiario e contenuti del suo programma assistenziale. L&#8217;operatore garantisce la cura primaria della persona sul piano sociale e assistenziale per quanto attiene la cura di se, l&#8217;igiene personale, la mobilizzazione, l&#8217;utilizzo di ausili, l&#8217;assunzione dei farmaci, il monitoraggio dello stato di salute e il raccordo costante con il medico curante e i servizi sanitari territoriali. <br> <strong>Ambito Territoriale<\/strong><br>Bari Sardo, Cardedu, Ussassai<\/p><div class=\"ugb-button-container\"><a class=\"ugb-button ugb-button--size-normal\" href=\"https:\/\/www.plusinvetrina.it\/cataloghi\/sad\/b-servizi-di-assistenza-domiciliare-qualificata-svolti-da-operatori-sociosanitari-oss\/\" rel=\"\" title=\"\"><span class=\"ugb-button--inner\">Vai al servizio<\/span><\/a><\/div><\/div><\/div><div class=\"ugb-feature-grid__item ugb-feature-grid__item3\"><div class=\"ugb-feature-grid__content\"><h4 class=\"ugb-feature-grid__title\">Servizi di assistenza educativa domiciliare e territoriale &#8211; SET<\/h4><p class=\"ugb-feature-grid__description\">L&#8217;azione educativa \u00e8 progettata al fine di accompagnare tutti i componenti del nucleo familiare verso un maggiore benessere. L&#8217;educatore affianca il minore a livello domiciliare scolastico e del tempo libero offrendo nuove prospettive di relazione, comunicazione e approccio alla realt\u00e0 stimolando il coinvolgimento e l&#8217;autostima verso la costruzione di un progetto di vita. Parallelamente, l&#8217;educatore sostiene i genitori verso l&#8217;assunzione consapevole e partecipata della loro funzione educativa.<br> <strong>Ambito Territoriale<\/strong><br>Bari Sardo, Cardedu, Ussassai<\/p><div class=\"ugb-button-container\"><a class=\"ugb-button ugb-button--size-normal\" href=\"https:\/\/www.plusinvetrina.it\/cataloghi\/sad\/servizi-di-assistenza-educativa-domiciliare-e-territoriale-set\/\" rel=\"\" title=\"\"><span class=\"ugb-button--inner\">Vai al servizio<\/span><\/a><\/div><\/div><\/div><\/div><\/div><\/div>\n\n\n\n<div class=\"alignwide wp-block-ugb-feature-grid ugb-feature-grid ugb-80d2e7e ugb-feature-grid--v2 ugb-feature-grid--columns-2 ugb-feature-grid--design-basic ugb-main-block ugb--has-custom-content-width\"><style>.ugb-80d2e7e .ugb-feature-grid__item{border-radius:25px !important}.ugb-80d2e7e .ugb-button .ugb-button--inner{font-family:\"Poppins\",Sans-serif !important}.ugb-80d2e7e .ugb-button{background-color:var(--paletteColor1,#2872fa);border-radius:25px !important}.ugb-80d2e7e .ugb-button .ugb-button--inner,.ugb-80d2e7e .ugb-button svg:not(.ugb-custom-icon){color:#ffffff !important}.ugb-80d2e7e .ugb-button:before{border-radius:25px !important}.ugb-80d2e7e.ugb-feature-grid > .ugb-inner-block{max-width:80% !important}<\/style><div class=\"ugb-inner-block\"><div class=\"ugb-block-content\"><div class=\"ugb-feature-grid__item ugb-feature-grid__item1\"><div class=\"ugb-feature-grid__content\"><h4 class=\"ugb-feature-grid__title\">Servizi educativi per l&#8217;autonomia e la comunicazione in favore di studenti in condizione di disabilit\u00e0. SAS.<\/h4><p class=\"ugb-feature-grid__description\">Compito dell&#8217;educatore consiste nel garantire all&#8217;alunno con disabilit\u00e0 una positiva esperienza scolastica non solo sul piano degli apprendimenti didattici ma anche, e soprattutto, sul piano delle relazioni sociali nel contesto classe, della comunicazione e delle autonomie. L&#8217;educatore, in rete con la scuola, la famiglia, il Comune e i servizi ATS, contribuisce a creare un ambiente scolastico sensibile e inclusivo capace di accogliere e valorizzare i bisogni educativi speciali dell&#8217;alunno.<br><strong>Ambito Territoriale<\/strong><br>Bari Sardo, Cardedu, Ussassai<\/p><div class=\"ugb-button-container\"><a class=\"ugb-button ugb-button--size-normal\" href=\"https:\/\/www.plusinvetrina.it\/cataloghi\/sad\/d-servizi-educativi-per-lautonomia-e-la-comunicazione-in-favore-di-studenti-in-condizione-di-disabilita-sas\/\" rel=\"\" title=\"\"><span class=\"ugb-button--inner\">Vai al servizio<\/span><\/a><\/div><\/div><\/div><div class=\"ugb-feature-grid__item ugb-feature-grid__item2\"><div class=\"ugb-feature-grid__content\"><h4 class=\"ugb-feature-grid__title\">Servizi professionali resi da psicologi, come eventuale supporto al beneficiario e ai familiari care giver ad integrazione degli interventi<\/h4><p class=\"ugb-feature-grid__description\"> Il ruolo dello psicologo \u00e8 pensato in forma complementare all&#8217;azione socio-assistenziale ed educativa al fine di offrire al beneficiario e alla sua famiglia uno spazio di ascolto in cui poter condividere emozioni, speranze, preoccupazioni e aspettative. Lo psicologo aiuta il beneficiario nel processo di rielaborazione dei propri pensieri guidandolo verso la presa di coscienza della propria condizione, coscienza di se e autostima attivando le risorse e le potenzialit\u00e0 individuali.<br> <strong>Ambito Territoriale<\/strong><br>Bari Sardo, Cardedu, Ussassai<\/p><div class=\"ugb-button-container\"><a class=\"ugb-button ugb-button--size-normal\" href=\"https:\/\/www.plusinvetrina.it\/cataloghi\/sad\/e-servizi-professionali-resi-da-psicologi-come-eventuale-supporto-al-beneficiario-e-ai-familiari-care-giver-ad-integrazione-degli-interventi\/\" rel=\"\" title=\"\"><span class=\"ugb-button--inner\">Vai al servizio<\/span><\/a><\/div><\/div><\/div><\/div><\/div><\/div>\n","protected":false},"excerpt":{"rendered":"<p>Servizi Fiordaliso Societ\u00e0 Cooperativa Sociale Consorziata Esecutrice CONSORZIO TERRITORIALE NETWORK ETICO ITALIA SOC. COOP. SOCIALE CONSORTILE ONLUS Indirizzo: Via Umberto I, Bari SardoTelefono: 3282613539Mail: cooerativafiordaliso@tiscali.it CV Aziendale Le prestazioni di tipo socio-assistenziale qualificate ed erogate attraverso il servizio consistono in: Cura del domicilio, Igiene quotidiana\/settimanale, Pratica di cure infermieristiche La Cooperativa &#8220;Servizi Sociali Fiordaliso&#8221; \u00e8 una cooperativa sociale di tipo A nata il 05\/12\/1991, con sede legale nel comune di Bari Sardo. La Cooperativa opera senza finalit\u00e0 di lucro e persegue l\u2019interesse generale della comunit\u00e0 attraverso l&#8217;integrazione sociale e la promozione umana progettando ed erogando servizi socio-assistenziali per minori, adulti\u2026<\/p>\n","protected":false},"author":1,"featured_media":0,"parent":0,"menu_order":0,"comment_status":"closed","ping_status":"closed","template":"","meta":{"footnotes":""},"class_list":["post-267","page","type-page","status-publish","hentry"],"blocksy_meta":{"styles_descriptor":{"styles":{"desktop":"","tablet":"","mobile":""},"google_fonts":[]}},"featured_image_urls":{"full":"","thumbnail":"","medium":"","medium_large":"","large":"","1536x1536":"","2048x2048":""},"post_excerpt_stackable":"<p>Servizi Fiordaliso Societ\u00e0 Cooperativa Sociale Consorziata Esecutrice CONSORZIO TERRITORIALE NETWORK ETICO ITALIA SOC. COOP. SOCIALE CONSORTILE ONLUS Indirizzo: Via Umberto I, Bari SardoTelefono: 3282613539Mail: cooerativafiordaliso@tiscali.it CV Aziendale Le prestazioni di tipo socio-assistenziale qualificate ed erogate attraverso il servizio consistono in: Cura del domicilio, Igiene quotidiana\/settimanale, Pratica di cure infermieristiche La Cooperativa &#8220;Servizi Sociali Fiordaliso&#8221; \u00e8 una cooperativa sociale di tipo A nata il 05\/12\/1991, con sede legale nel comune di Bari Sardo. La Cooperativa opera senza finalit\u00e0 di lucro e persegue l\u2019interesse generale della comunit\u00e0 attraverso l&#8217;integrazione sociale e la promozione umana progettando ed erogando servizi socio-assistenziali per minori, adulti&hellip;<\/p>\n","category_list":"","author_info":{"name":"plus","url":"https:\/\/www.plusinvetrina.it\/cataloghi\/sad\/author\/plus\/"},"comments_num":"0 comments","yoast_head":"<!-- This site is optimized with the Yoast SEO Premium plugin v18.0 (Yoast SEO v18.1) - https:\/\/yoast.com\/wordpress\/plugins\/seo\/ -->\n<title>Soggetto: Servizi Fiordaliso Societ\u00e0 Cooperativa Sociale - Plus Ogliastra<\/title>\n<meta name=\"robots\" content=\"index, follow, max-snippet:-1, max-image-preview:large, max-video-preview:-1\" \/>\n<link rel=\"canonical\" href=\"https:\/\/www.plusinvetrina.it\/cataloghi\/sad\/soggetto-servizi-fiordaliso-societa-cooperativa-sociale\/\" \/>\n<meta property=\"og:locale\" content=\"it_IT\" \/>\n<meta property=\"og:type\" content=\"article\" \/>\n<meta property=\"og:title\" content=\"Soggetto: Servizi Fiordaliso Societ\u00e0 Cooperativa Sociale\" \/>\n<meta property=\"og:description\" content=\"Servizi Fiordaliso Societ\u00e0 Cooperativa Sociale Consorziata Esecutrice CONSORZIO TERRITORIALE NETWORK ETICO ITALIA SOC. COOP. SOCIALE CONSORTILE ONLUS Indirizzo: Via Umberto I, Bari SardoTelefono: 3282613539Mail: cooerativafiordaliso@tiscali.it CV Aziendale Le prestazioni di tipo socio-assistenziale qualificate ed erogate attraverso il servizio consistono in: Cura del domicilio, Igiene quotidiana\/settimanale, Pratica di cure infermieristiche La Cooperativa &#8220;Servizi Sociali Fiordaliso&#8221; \u00e8 una cooperativa sociale di tipo A nata il 05\/12\/1991, con sede legale nel comune di Bari Sardo. La Cooperativa opera senza finalit\u00e0 di lucro e persegue l\u2019interesse generale della comunit\u00e0 attraverso l&#8217;integrazione sociale e la promozione umana progettando ed erogando servizi socio-assistenziali per minori, adulti\u2026\" \/>\n<meta property=\"og:url\" content=\"https:\/\/www.plusinvetrina.it\/cataloghi\/sad\/soggetto-servizi-fiordaliso-societa-cooperativa-sociale\/\" \/>\n<meta property=\"og:site_name\" content=\"Plus Ogliastra\" \/>\n<meta property=\"article:modified_time\" content=\"2022-02-23T08:12:01+00:00\" \/>\n<meta property=\"og:image\" content=\"http:\/\/www.informaticaogliastra.it\/catalogoplus\/hcp\/wp-content\/uploads\/2021\/09\/fiordaliso.png\" \/>\n<meta name=\"twitter:card\" content=\"summary_large_image\" \/>\n<meta name=\"twitter:label1\" content=\"Tempo di lettura stimato\" \/>\n\t<meta name=\"twitter:data1\" content=\"4 minuti\" \/>\n<script type=\"application\/ld+json\" class=\"yoast-schema-graph\">{\"@context\":\"https:\/\/schema.org\",\"@graph\":[{\"@type\":\"WebSite\",\"@id\":\"https:\/\/www.plusinvetrina.it\/cataloghi\/sad\/#website\",\"url\":\"https:\/\/www.plusinvetrina.it\/cataloghi\/sad\/\",\"name\":\"Plus Ogliastra\",\"description\":\"Catalogo SAD\",\"potentialAction\":[{\"@type\":\"SearchAction\",\"target\":{\"@type\":\"EntryPoint\",\"urlTemplate\":\"https:\/\/www.plusinvetrina.it\/cataloghi\/sad\/?s={search_term_string}\"},\"query-input\":\"required name=search_term_string\"}],\"inLanguage\":\"it-IT\"},{\"@type\":\"ImageObject\",\"@id\":\"https:\/\/www.plusinvetrina.it\/cataloghi\/sad\/soggetto-servizi-fiordaliso-societa-cooperativa-sociale\/#primaryimage\",\"inLanguage\":\"it-IT\",\"url\":\"http:\/\/www.informaticaogliastra.it\/catalogoplus\/hcp\/wp-content\/uploads\/2021\/09\/fiordaliso.png\",\"contentUrl\":\"http:\/\/www.informaticaogliastra.it\/catalogoplus\/hcp\/wp-content\/uploads\/2021\/09\/fiordaliso.png\"},{\"@type\":\"WebPage\",\"@id\":\"https:\/\/www.plusinvetrina.it\/cataloghi\/sad\/soggetto-servizi-fiordaliso-societa-cooperativa-sociale\/#webpage\",\"url\":\"https:\/\/www.plusinvetrina.it\/cataloghi\/sad\/soggetto-servizi-fiordaliso-societa-cooperativa-sociale\/\",\"name\":\"Soggetto: Servizi Fiordaliso Societ\u00e0 Cooperativa Sociale - Plus Ogliastra\",\"isPartOf\":{\"@id\":\"https:\/\/www.plusinvetrina.it\/cataloghi\/sad\/#website\"},\"primaryImageOfPage\":{\"@id\":\"https:\/\/www.plusinvetrina.it\/cataloghi\/sad\/soggetto-servizi-fiordaliso-societa-cooperativa-sociale\/#primaryimage\"},\"datePublished\":\"2021-09-30T07:01:24+00:00\",\"dateModified\":\"2022-02-23T08:12:01+00:00\",\"breadcrumb\":{\"@id\":\"https:\/\/www.plusinvetrina.it\/cataloghi\/sad\/soggetto-servizi-fiordaliso-societa-cooperativa-sociale\/#breadcrumb\"},\"inLanguage\":\"it-IT\",\"potentialAction\":[{\"@type\":\"ReadAction\",\"target\":[\"https:\/\/www.plusinvetrina.it\/cataloghi\/sad\/soggetto-servizi-fiordaliso-societa-cooperativa-sociale\/\"]}]},{\"@type\":\"BreadcrumbList\",\"@id\":\"https:\/\/www.plusinvetrina.it\/cataloghi\/sad\/soggetto-servizi-fiordaliso-societa-cooperativa-sociale\/#breadcrumb\",\"itemListElement\":[{\"@type\":\"ListItem\",\"position\":1,\"name\":\"Home\",\"item\":\"https:\/\/www.plusinvetrina.it\/cataloghi\/sad\/\"},{\"@type\":\"ListItem\",\"position\":2,\"name\":\"Soggetto: Servizi Fiordaliso Societ\u00e0 Cooperativa Sociale\"}]}]}<\/script>\n<!-- \/ Yoast SEO Premium plugin. -->","yoast_head_json":{"title":"Soggetto: Servizi Fiordaliso Societ\u00e0 Cooperativa Sociale - Plus Ogliastra","robots":{"index":"index","follow":"follow","max-snippet":"max-snippet:-1","max-image-preview":"max-image-preview:large","max-video-preview":"max-video-preview:-1"},"canonical":"https:\/\/www.plusinvetrina.it\/cataloghi\/sad\/soggetto-servizi-fiordaliso-societa-cooperativa-sociale\/","og_locale":"it_IT","og_type":"article","og_title":"Soggetto: Servizi Fiordaliso Societ\u00e0 Cooperativa Sociale","og_description":"Servizi Fiordaliso Societ\u00e0 Cooperativa Sociale Consorziata Esecutrice CONSORZIO TERRITORIALE NETWORK ETICO ITALIA SOC. COOP. SOCIALE CONSORTILE ONLUS Indirizzo: Via Umberto I, Bari SardoTelefono: 3282613539Mail: cooerativafiordaliso@tiscali.it CV Aziendale Le prestazioni di tipo socio-assistenziale qualificate ed erogate attraverso il servizio consistono in: Cura del domicilio, Igiene quotidiana\/settimanale, Pratica di cure infermieristiche La Cooperativa &#8220;Servizi Sociali Fiordaliso&#8221; \u00e8 una cooperativa sociale di tipo A nata il 05\/12\/1991, con sede legale nel comune di Bari Sardo. La Cooperativa opera senza finalit\u00e0 di lucro e persegue l\u2019interesse generale della comunit\u00e0 attraverso l&#8217;integrazione sociale e la promozione umana progettando ed erogando servizi socio-assistenziali per minori, adulti\u2026","og_url":"https:\/\/www.plusinvetrina.it\/cataloghi\/sad\/soggetto-servizi-fiordaliso-societa-cooperativa-sociale\/","og_site_name":"Plus Ogliastra","article_modified_time":"2022-02-23T08:12:01+00:00","og_image":[{"url":"http:\/\/www.informaticaogliastra.it\/catalogoplus\/hcp\/wp-content\/uploads\/2021\/09\/fiordaliso.png"}],"twitter_card":"summary_large_image","twitter_misc":{"Tempo di lettura stimato":"4 minuti"},"schema":{"@context":"https:\/\/schema.org","@graph":[{"@type":"WebSite","@id":"https:\/\/www.plusinvetrina.it\/cataloghi\/sad\/#website","url":"https:\/\/www.plusinvetrina.it\/cataloghi\/sad\/","name":"Plus Ogliastra","description":"Catalogo SAD","potentialAction":[{"@type":"SearchAction","target":{"@type":"EntryPoint","urlTemplate":"https:\/\/www.plusinvetrina.it\/cataloghi\/sad\/?s={search_term_string}"},"query-input":"required name=search_term_string"}],"inLanguage":"it-IT"},{"@type":"ImageObject","@id":"https:\/\/www.plusinvetrina.it\/cataloghi\/sad\/soggetto-servizi-fiordaliso-societa-cooperativa-sociale\/#primaryimage","inLanguage":"it-IT","url":"http:\/\/www.informaticaogliastra.it\/catalogoplus\/hcp\/wp-content\/uploads\/2021\/09\/fiordaliso.png","contentUrl":"http:\/\/www.informaticaogliastra.it\/catalogoplus\/hcp\/wp-content\/uploads\/2021\/09\/fiordaliso.png"},{"@type":"WebPage","@id":"https:\/\/www.plusinvetrina.it\/cataloghi\/sad\/soggetto-servizi-fiordaliso-societa-cooperativa-sociale\/#webpage","url":"https:\/\/www.plusinvetrina.it\/cataloghi\/sad\/soggetto-servizi-fiordaliso-societa-cooperativa-sociale\/","name":"Soggetto: Servizi Fiordaliso Societ\u00e0 Cooperativa Sociale - Plus Ogliastra","isPartOf":{"@id":"https:\/\/www.plusinvetrina.it\/cataloghi\/sad\/#website"},"primaryImageOfPage":{"@id":"https:\/\/www.plusinvetrina.it\/cataloghi\/sad\/soggetto-servizi-fiordaliso-societa-cooperativa-sociale\/#primaryimage"},"datePublished":"2021-09-30T07:01:24+00:00","dateModified":"2022-02-23T08:12:01+00:00","breadcrumb":{"@id":"https:\/\/www.plusinvetrina.it\/cataloghi\/sad\/soggetto-servizi-fiordaliso-societa-cooperativa-sociale\/#breadcrumb"},"inLanguage":"it-IT","potentialAction":[{"@type":"ReadAction","target":["https:\/\/www.plusinvetrina.it\/cataloghi\/sad\/soggetto-servizi-fiordaliso-societa-cooperativa-sociale\/"]}]},{"@type":"BreadcrumbList","@id":"https:\/\/www.plusinvetrina.it\/cataloghi\/sad\/soggetto-servizi-fiordaliso-societa-cooperativa-sociale\/#breadcrumb","itemListElement":[{"@type":"ListItem","position":1,"name":"Home","item":"https:\/\/www.plusinvetrina.it\/cataloghi\/sad\/"},{"@type":"ListItem","position":2,"name":"Soggetto: Servizi Fiordaliso Societ\u00e0 Cooperativa Sociale"}]}]}},"_links":{"self":[{"href":"https:\/\/www.plusinvetrina.it\/cataloghi\/sad\/wp-json\/wp\/v2\/pages\/267","targetHints":{"allow":["GET"]}}],"collection":[{"href":"https:\/\/www.plusinvetrina.it\/cataloghi\/sad\/wp-json\/wp\/v2\/pages"}],"about":[{"href":"https:\/\/www.plusinvetrina.it\/cataloghi\/sad\/wp-json\/wp\/v2\/types\/page"}],"author":[{"embeddable":true,"href":"https:\/\/www.plusinvetrina.it\/cataloghi\/sad\/wp-json\/wp\/v2\/users\/1"}],"replies":[{"embeddable":true,"href":"https:\/\/www.plusinvetrina.it\/cataloghi\/sad\/wp-json\/wp\/v2\/comments?post=267"}],"version-history":[{"count":9,"href":"https:\/\/www.plusinvetrina.it\/cataloghi\/sad\/wp-json\/wp\/v2\/pages\/267\/revisions"}],"predecessor-version":[{"id":546,"href":"https:\/\/www.plusinvetrina.it\/cataloghi\/sad\/wp-json\/wp\/v2\/pages\/267\/revisions\/546"}],"wp:attachment":[{"href":"https:\/\/www.plusinvetrina.it\/cataloghi\/sad\/wp-json\/wp\/v2\/media?parent=267"}],"curies":[{"name":"wp","href":"https:\/\/api.w.org\/{rel}","templated":true}]}}