{"id":380,"date":"2021-11-13T19:48:48","date_gmt":"2021-11-13T18:48:48","guid":{"rendered":"https:\/\/www.plusinvetrina.it\/cataloghi\/sad\/?page_id=380"},"modified":"2022-02-15T16:04:02","modified_gmt":"2022-02-15T15:04:02","slug":"catalogo-prestazioni-integrative-accreditamento-plus-sad-set-sas","status":"publish","type":"page","link":"https:\/\/www.plusinvetrina.it\/cataloghi\/sad\/","title":{"rendered":"0. Catalogo Accreditamento Plus Servizi SAD SET SAS"},"content":{"rendered":"\n<div class=\"wp-block-image\"><figure class=\"aligncenter size-full is-resized\"><img loading=\"lazy\" decoding=\"async\" src=\"https:\/\/www.plusinvetrina.it\/cataloghi\/sad\/wp-content\/uploads\/2021\/11\/ASSISTENZA-servizi-sociali.jpg\" alt=\"Catalogo Prestazioni Integrative accreditamento Plus SAD SET SAS\" class=\"wp-image-381\" width=\"460\" height=\"309\" srcset=\"https:\/\/www.plusinvetrina.it\/cataloghi\/sad\/wp-content\/uploads\/2021\/11\/ASSISTENZA-servizi-sociali.jpg 919w, https:\/\/www.plusinvetrina.it\/cataloghi\/sad\/wp-content\/uploads\/2021\/11\/ASSISTENZA-servizi-sociali-300x202.jpg 300w, https:\/\/www.plusinvetrina.it\/cataloghi\/sad\/wp-content\/uploads\/2021\/11\/ASSISTENZA-servizi-sociali-768x516.jpg 768w\" sizes=\"auto, (max-width: 460px) 100vw, 460px\" \/><\/figure><\/div>\n\n\n\n<h2 class=\"has-text-align-center wp-block-heading\" id=\"catalogo-accreditamento-servizi-sad-set-sas\"><strong>Catalogo Accreditamento Servizi SAD SET SAS<\/strong><\/h2>\n\n\n\n<div class=\"wp-block-ugb-notification ugb-notification ugb-586a206 ugb-notification--v2 ugb-notification--design-large-icon ugb-notification--type-info ugb-notification--dismissible ugb-main-block\"><style>.ugb-586a206 .ugb-notification__item{border-radius:5px !important;background-color:#bee6ff !important}.ugb-586a206 .ugb-notification__item:before{background-color:#bee6ff !important}.ugb-586a206 .ugb-notification__icon svg:not(.ugb-custom-icon){color:#007ac1 !important}.ugb-586a206 .ugb-notification__icon .ugb-icon-inner-svg{color:#007ac1 !important}.ugb-586a206 .ugb-notification__description{color:#007ac1 !important;text-align:center !important}.ugb-586a206 .ugb-notification__icon .ugb-icon-inner-svg,.ugb-586a206 .ugb-notification__icon .ugb-icon-inner-svg svg *{color:#007ac1 !important;fill:#007ac1 !important}<\/style><div class=\"ugb-inner-block\"><div class=\"ugb-block-content\"><div class=\"ugb-notification__item ugb-notification--new-icon ugb--shadow-3\"><span class=\"ugb-notification__close-button\" role=\"button\" tabindex=\"0\"><svg viewbox=\"0 0 28.3 28.3\" xmlns=\"http:\/\/www.w3.org\/2000\/svg\"><path d=\"M52.4-166.2c3.2 0 3.2-5 0-5s-3.2 5 0 5zM16.8 13.9L26.9 3.8c.6-.6.6-1.5 0-2.1s-1.5-.6-2.1 0L14.7 11.8 4.6 1.7c-.6-.6-1.5-.6-2.1 0s-.6 1.5 0 2.1l10.1 10.1L2.5 24c-.6.6-.6 1.5 0 2.1.3.3.7.4 1.1.4s.8-.1 1.1-.4l10-10.1 10.1 10.1c.3.3.7.4 1.1.4s.8-.1 1.1-.4c.6-.6.6-1.5 0-2.1L16.8 13.9z\"><\/path><\/svg><\/span><div class=\"ugb-notification__icon\"><div class=\"ugb-icon-inner-svg\"><svg data-prefix=\"fas\" data-icon=\"info-circle\" class=\"svg-inline--fa fa-info-circle fa-w-16\" role=\"img\" xmlns=\"http:\/\/www.w3.org\/2000\/svg\" viewBox=\"0 0 512 512\"><path fill=\"currentColor\" d=\"M256 8C119.043 8 8 119.083 8 256c0 136.997 111.043 248 248 248s248-111.003 248-248C504 119.083 392.957 8 256 8zm0 110c23.196 0 42 18.804 42 42s-18.804 42-42 42-42-18.804-42-42 18.804-42 42-42zm56 254c0 6.627-5.373 12-12 12h-88c-6.627 0-12-5.373-12-12v-24c0-6.627 5.373-12 12-12h12v-64h-12c-6.627 0-12-5.373-12-12v-24c0-6.627 5.373-12 12-12h64c6.627 0 12 5.373 12 12v100h12c6.627 0 12 5.373 12 12v24z\"><\/path><\/svg><\/div><\/div><p class=\"ugb-notification__description\">Sistema di interventi e servizi a carattere sociale per utenti in condizioni di fragilit\u00e0 fisica e psichica. Per poter accedere ai servizi, consultare il proprio Comune di residenza. <\/p><\/div><\/div><\/div><\/div>\n\n\n\n<div class=\"alignfull wp-block-ugb-card ugb-card ugb-a0d146e ugb-card--v2 ugb-card--design-full ugb-card--columns-3 ugb-main-block ugb-main-block--inner-wide ugb--has-block-background\"><style>.ugb-a0d146e .ugb-card__title,.ugb-a0d146e .ugb-card__subtitle,.ugb-a0d146e .ugb-card__description,.ugb-a0d146e .ugb-button-container{text-align:center}.ugb-a0d146e .ugb-card__item{border-radius:25px !important;background-color:rgba(29,126,222,0.9) !important}.ugb-a0d146e .ugb-card__item:before{background-color:#1d7ede !important}.ugb-a0d146e .ugb-card__title{color:var(--paletteColor8,#ffffff) !important}.ugb-a0d146e .ugb-button .ugb-button--inner{font-family:\"Lato\",Sans-serif !important}.ugb-a0d146e .ugb-button{background-color:var(--paletteColor7,#FAFBFC);border-radius:10px !important}.ugb-a0d146e .ugb-button .ugb-button--inner,.ugb-a0d146e .ugb-button svg:not(.ugb-custom-icon){color:var(--paletteColor4,#192a3d) !important}.ugb-a0d146e .ugb-button:before{border-radius:10px !important}.ugb-a0d146e .ugb-button-container{text-align:center !important}.ugb-a0d146e .ugb-inner-block{text-align:center}@media screen and (min-width:768px){.ugb-a0d146e.ugb-card{padding-top:50px !important;padding-right:35px !important;padding-left:35px !important}}@media screen and (max-width:768px){.ugb-a0d146e.ugb-card{padding-right:18px !important;padding-bottom:18px !important;padding-left:18px !important}}<\/style><div class=\"ugb-inner-block ugb-inner-block--wide\"><div class=\"ugb-block-content\"><div class=\"ugb-card__item ugb-card__item1 ugb--shadow-0 ugb--hover-shadow\"><div class=\"ugb-card__content\"><h3 class=\"ugb-card__title\">Servizi di assistenza domiciliare di base<\/h3><div class=\"ugb-button-container\"><a class=\"ugb-button ugb-button--size-normal ugb-button--ghost-to-normal-effect ugb--hover-effect-scale ugb--shadow-4\" href=\"https:\/\/www.plusinvetrina.it\/cataloghi\/sad\/a-servizi-di-assistenza-domiciliare-di-base\/\" rel=\"\" title=\"\"><span class=\"ugb-button--inner\">Scopri di pi\u00f9<\/span><\/a><\/div><\/div><\/div><div class=\"ugb-card__item ugb-card__item2 ugb--shadow-0 ugb--hover-shadow\"><div class=\"ugb-card__content\"><h3 class=\"ugb-card__title\">Servizi di assistenza domiciliare qualificata svolti da operatori sociosanitari (OSS)<\/h3><div class=\"ugb-button-container\"><a class=\"ugb-button ugb-button--size-normal ugb-button--ghost-to-normal-effect ugb--hover-effect-scale ugb--shadow-4\" href=\"https:\/\/www.plusinvetrina.it\/cataloghi\/sad\/b-servizi-di-assistenza-domiciliare-qualificata-svolti-da-operatori-sociosanitari-oss\/\" rel=\"\" title=\"\"><span class=\"ugb-button--inner\"><meta charset=\"utf-8\">Scopri di pi\u00f9<\/span><\/a><\/div><\/div><\/div><div class=\"ugb-card__item ugb-card__item3 ugb--shadow-0 ugb--hover-shadow\"><div class=\"ugb-card__content\"><h3 class=\"ugb-card__title\">Servizi di assistenza educativa domiciliare e territoriale \u2013 SET<\/h3><div class=\"ugb-button-container\"><a class=\"ugb-button ugb-button--size-normal ugb-button--ghost-to-normal-effect ugb--hover-effect-scale ugb--shadow-4\" href=\"https:\/\/www.plusinvetrina.it\/cataloghi\/sad\/servizi-di-assistenza-educativa-domiciliare-e-territoriale-set\/\" rel=\"\" title=\"\"><span class=\"ugb-button--inner\"><meta charset=\"utf-8\">Scopri di pi\u00f9<\/span><\/a><\/div><\/div><\/div><\/div><\/div><\/div>\n\n\n\n<div class=\"alignfull wp-block-ugb-card ugb-card ugb-55d1aaa ugb-card--v2 ugb-card--design-full ugb-card--columns-2 ugb-main-block ugb-main-block--inner-wide ugb--has-block-background\"><style>.ugb-55d1aaa .ugb-card__title,.ugb-55d1aaa .ugb-card__subtitle,.ugb-55d1aaa .ugb-card__description,.ugb-55d1aaa .ugb-button-container{text-align:center}.ugb-55d1aaa .ugb-card__item{border-radius:25px !important;background-color:rgba(29,126,222,0.9) !important}.ugb-55d1aaa .ugb-card__item:before{background-color:#1d7ede !important}.ugb-55d1aaa .ugb-card__title{color:var(--paletteColor8,#ffffff) !important}.ugb-55d1aaa .ugb-button .ugb-button--inner{font-family:\"Lato\",Sans-serif !important}.ugb-55d1aaa .ugb-button{background-color:var(--paletteColor8,#ffffff);border-radius:10px !important}.ugb-55d1aaa .ugb-button .ugb-button--inner,.ugb-55d1aaa .ugb-button svg:not(.ugb-custom-icon){color:var(--paletteColor4,#192a3d) !important}.ugb-55d1aaa .ugb-button:before{border-radius:10px !important}.ugb-55d1aaa .ugb-button-container{text-align:center !important}.ugb-55d1aaa .ugb-inner-block{text-align:center}.ugb-55d1aaa.ugb-card{justify-content:center}@media screen and (min-width:768px){.ugb-55d1aaa.ugb-card{margin-top:-100px !important;margin-bottom:-100px !important;padding-top:75px !important;padding-right:250px !important;padding-bottom:100px !important;padding-left:250px !important}}@media screen and (max-width:768px){.ugb-55d1aaa.ugb-card{padding-top:18px !important;padding-right:18px !important;padding-bottom:35px !important;padding-left:18px !important}}<\/style><div class=\"ugb-inner-block ugb-inner-block--wide\"><div class=\"ugb-block-content\"><div class=\"ugb-card__item ugb-card__item1 ugb--shadow-0 ugb--hover-shadow\"><div class=\"ugb-card__content\"><h3 class=\"ugb-card__title\">Servizi educativi per l&#8217;autonomia e la comunicazione in favore di studenti in condizione di disabilit\u00e0. SAS<\/h3><div class=\"ugb-button-container\"><a class=\"ugb-button ugb-button--size-normal ugb-button--ghost-to-normal-effect ugb--hover-effect-scale ugb--shadow-4\" href=\"https:\/\/www.plusinvetrina.it\/cataloghi\/sad\/d-servizi-educativi-per-lautonomia-e-la-comunicazione-in-favore-di-studenti-in-condizione-di-disabilita-sas\/\" rel=\"\" title=\"\"><span class=\"ugb-button--inner\">Scopri di pi\u00f9<\/span><\/a><\/div><\/div><\/div><div class=\"ugb-card__item ugb-card__item2 ugb--shadow-0 ugb--hover-shadow\"><div class=\"ugb-card__content\"><h3 class=\"ugb-card__title\">Servizi professionali resi da psicologi, come eventuale supporto al beneficiario e ai familiari care giver ad integrazione degli interventi<\/h3><div class=\"ugb-button-container\"><a class=\"ugb-button ugb-button--size-normal ugb-button--ghost-to-normal-effect ugb--hover-effect-scale ugb--shadow-4\" href=\"https:\/\/www.plusinvetrina.it\/cataloghi\/sad\/e-servizi-professionali-resi-da-psicologi-come-eventuale-supporto-al-beneficiario-e-ai-familiari-care-giver-ad-integrazione-degli-interventi\/\" rel=\"\" title=\"\"><span class=\"ugb-button--inner\"><meta charset=\"utf-8\">Scopri di pi\u00f9<\/span><\/a><\/div><\/div><\/div><\/div><\/div><\/div>\n\n\n\n<p class=\"wp-block-paragraph\"><\/p>\n","protected":false},"excerpt":{"rendered":"<p>Catalogo Accreditamento Servizi SAD SET SAS<\/p>\n","protected":false},"author":1,"featured_media":381,"parent":0,"menu_order":0,"comment_status":"closed","ping_status":"closed","template":"","meta":{"footnotes":""},"class_list":["post-380","page","type-page","status-publish","has-post-thumbnail","hentry"],"blocksy_meta":{"styles_descriptor":{"styles":{"desktop":"","tablet":"","mobile":""},"google_fonts":[]}},"featured_image_urls":{"full":["https:\/\/www.plusinvetrina.it\/cataloghi\/sad\/wp-content\/uploads\/2021\/11\/ASSISTENZA-servizi-sociali.jpg",919,618,false],"thumbnail":["https:\/\/www.plusinvetrina.it\/cataloghi\/sad\/wp-content\/uploads\/2021\/11\/ASSISTENZA-servizi-sociali-150x150.jpg",150,150,true],"medium":["https:\/\/www.plusinvetrina.it\/cataloghi\/sad\/wp-content\/uploads\/2021\/11\/ASSISTENZA-servizi-sociali-300x202.jpg",300,202,true],"medium_large":["https:\/\/www.plusinvetrina.it\/cataloghi\/sad\/wp-content\/uploads\/2021\/11\/ASSISTENZA-servizi-sociali-768x516.jpg",768,516,true],"large":["https:\/\/www.plusinvetrina.it\/cataloghi\/sad\/wp-content\/uploads\/2021\/11\/ASSISTENZA-servizi-sociali.jpg",919,618,false],"1536x1536":["https:\/\/www.plusinvetrina.it\/cataloghi\/sad\/wp-content\/uploads\/2021\/11\/ASSISTENZA-servizi-sociali.jpg",919,618,false],"2048x2048":["https:\/\/www.plusinvetrina.it\/cataloghi\/sad\/wp-content\/uploads\/2021\/11\/ASSISTENZA-servizi-sociali.jpg",919,618,false]},"post_excerpt_stackable":"<p>Catalogo Accreditamento Servizi SAD SET SAS Sistema di interventi e servizi a carattere sociale per utenti in condizioni di fragilit\u00e0 fisica e psichica. Per poter accedere ai servizi, consultare il proprio Comune di residenza. Servizi di assistenza domiciliare di baseScopri di pi\u00f9Servizi di assistenza domiciliare qualificata svolti da operatori sociosanitari (OSS)Scopri di pi\u00f9Servizi di assistenza educativa domiciliare e territoriale \u2013 SETScopri di pi\u00f9 Servizi educativi per l&#8217;autonomia e la comunicazione in favore di studenti in condizione di disabilit\u00e0. SASScopri di pi\u00f9Servizi professionali resi da psicologi, come eventuale supporto al beneficiario e ai familiari care giver ad integrazione degli interventiScopri di&hellip;<\/p>\n","category_list":"","author_info":{"name":"plus","url":"https:\/\/www.plusinvetrina.it\/cataloghi\/sad\/author\/plus\/"},"comments_num":"0 comments","yoast_head":"<!-- This site is optimized with the Yoast SEO Premium plugin v18.0 (Yoast SEO v18.1) - https:\/\/yoast.com\/wordpress\/plugins\/seo\/ -->\n<title>Catalogo Accreditamento Servizi SAD SET SAS - Plus Ogliastra<\/title>\n<meta name=\"description\" content=\"Sistema di interventi e servizi a carattere sociale per utenti in condizioni di fragilit\u00e0 fisica e psichica.\" \/>\n<meta name=\"robots\" content=\"index, follow, max-snippet:-1, max-image-preview:large, max-video-preview:-1\" \/>\n<link rel=\"canonical\" href=\"https:\/\/www.plusinvetrina.it\/cataloghi\/sad\/\" \/>\n<meta property=\"og:locale\" content=\"it_IT\" \/>\n<meta property=\"og:type\" content=\"article\" \/>\n<meta property=\"og:title\" content=\"0. Catalogo Accreditamento Plus Servizi SAD SET SAS\" \/>\n<meta property=\"og:description\" content=\"Sistema di interventi e servizi a carattere sociale per utenti in condizioni di fragilit\u00e0 fisica e psichica.\" \/>\n<meta property=\"og:url\" content=\"https:\/\/www.plusinvetrina.it\/cataloghi\/sad\/\" \/>\n<meta property=\"og:site_name\" content=\"Plus Ogliastra\" \/>\n<meta property=\"article:modified_time\" content=\"2022-02-15T15:04:02+00:00\" \/>\n<meta property=\"og:image\" content=\"https:\/\/www.plusinvetrina.it\/cataloghi\/sad\/wp-content\/uploads\/2021\/11\/ASSISTENZA-servizi-sociali.jpg\" \/>\n\t<meta property=\"og:image:width\" content=\"919\" \/>\n\t<meta property=\"og:image:height\" content=\"618\" \/>\n\t<meta property=\"og:image:type\" content=\"image\/jpeg\" \/>\n<meta name=\"twitter:card\" content=\"summary_large_image\" \/>\n<meta name=\"twitter:label1\" content=\"Tempo di lettura stimato\" \/>\n\t<meta name=\"twitter:data1\" content=\"2 minuti\" \/>\n<script type=\"application\/ld+json\" class=\"yoast-schema-graph\">{\"@context\":\"https:\/\/schema.org\",\"@graph\":[{\"@type\":\"WebSite\",\"@id\":\"https:\/\/www.plusinvetrina.it\/cataloghi\/sad\/#website\",\"url\":\"https:\/\/www.plusinvetrina.it\/cataloghi\/sad\/\",\"name\":\"Plus Ogliastra\",\"description\":\"Catalogo SAD\",\"potentialAction\":[{\"@type\":\"SearchAction\",\"target\":{\"@type\":\"EntryPoint\",\"urlTemplate\":\"https:\/\/www.plusinvetrina.it\/cataloghi\/sad\/?s={search_term_string}\"},\"query-input\":\"required name=search_term_string\"}],\"inLanguage\":\"it-IT\"},{\"@type\":\"ImageObject\",\"@id\":\"https:\/\/www.plusinvetrina.it\/cataloghi\/sad\/#primaryimage\",\"inLanguage\":\"it-IT\",\"url\":\"https:\/\/www.plusinvetrina.it\/cataloghi\/sad\/wp-content\/uploads\/2021\/11\/ASSISTENZA-servizi-sociali.jpg\",\"contentUrl\":\"https:\/\/www.plusinvetrina.it\/cataloghi\/sad\/wp-content\/uploads\/2021\/11\/ASSISTENZA-servizi-sociali.jpg\",\"width\":919,\"height\":618},{\"@type\":\"WebPage\",\"@id\":\"https:\/\/www.plusinvetrina.it\/cataloghi\/sad\/#webpage\",\"url\":\"https:\/\/www.plusinvetrina.it\/cataloghi\/sad\/\",\"name\":\"Catalogo Accreditamento Servizi SAD SET SAS - Plus Ogliastra\",\"isPartOf\":{\"@id\":\"https:\/\/www.plusinvetrina.it\/cataloghi\/sad\/#website\"},\"primaryImageOfPage\":{\"@id\":\"https:\/\/www.plusinvetrina.it\/cataloghi\/sad\/#primaryimage\"},\"datePublished\":\"2021-11-13T18:48:48+00:00\",\"dateModified\":\"2022-02-15T15:04:02+00:00\",\"description\":\"Sistema di interventi e servizi a carattere sociale per utenti in condizioni di fragilit\u00e0 fisica e psichica.\",\"breadcrumb\":{\"@id\":\"https:\/\/www.plusinvetrina.it\/cataloghi\/sad\/#breadcrumb\"},\"inLanguage\":\"it-IT\",\"potentialAction\":[{\"@type\":\"ReadAction\",\"target\":[\"https:\/\/www.plusinvetrina.it\/cataloghi\/sad\/\"]}]},{\"@type\":\"BreadcrumbList\",\"@id\":\"https:\/\/www.plusinvetrina.it\/cataloghi\/sad\/#breadcrumb\",\"itemListElement\":[{\"@type\":\"ListItem\",\"position\":1,\"name\":\"Home\",\"item\":\"https:\/\/www.plusinvetrina.it\/cataloghi\/sad\/\"},{\"@type\":\"ListItem\",\"position\":2,\"name\":\"0. Catalogo Accreditamento Plus Servizi SAD SET SAS\"}]}]}<\/script>\n<!-- \/ Yoast SEO Premium plugin. -->","yoast_head_json":{"title":"Catalogo Accreditamento Servizi SAD SET SAS - Plus Ogliastra","description":"Sistema di interventi e servizi a carattere sociale per utenti in condizioni di fragilit\u00e0 fisica e psichica.","robots":{"index":"index","follow":"follow","max-snippet":"max-snippet:-1","max-image-preview":"max-image-preview:large","max-video-preview":"max-video-preview:-1"},"canonical":"https:\/\/www.plusinvetrina.it\/cataloghi\/sad\/","og_locale":"it_IT","og_type":"article","og_title":"0. Catalogo Accreditamento Plus Servizi SAD SET SAS","og_description":"Sistema di interventi e servizi a carattere sociale per utenti in condizioni di fragilit\u00e0 fisica e psichica.","og_url":"https:\/\/www.plusinvetrina.it\/cataloghi\/sad\/","og_site_name":"Plus Ogliastra","article_modified_time":"2022-02-15T15:04:02+00:00","og_image":[{"width":919,"height":618,"url":"https:\/\/www.plusinvetrina.it\/cataloghi\/sad\/wp-content\/uploads\/2021\/11\/ASSISTENZA-servizi-sociali.jpg","type":"image\/jpeg"}],"twitter_card":"summary_large_image","twitter_misc":{"Tempo di lettura stimato":"2 minuti"},"schema":{"@context":"https:\/\/schema.org","@graph":[{"@type":"WebSite","@id":"https:\/\/www.plusinvetrina.it\/cataloghi\/sad\/#website","url":"https:\/\/www.plusinvetrina.it\/cataloghi\/sad\/","name":"Plus Ogliastra","description":"Catalogo SAD","potentialAction":[{"@type":"SearchAction","target":{"@type":"EntryPoint","urlTemplate":"https:\/\/www.plusinvetrina.it\/cataloghi\/sad\/?s={search_term_string}"},"query-input":"required name=search_term_string"}],"inLanguage":"it-IT"},{"@type":"ImageObject","@id":"https:\/\/www.plusinvetrina.it\/cataloghi\/sad\/#primaryimage","inLanguage":"it-IT","url":"https:\/\/www.plusinvetrina.it\/cataloghi\/sad\/wp-content\/uploads\/2021\/11\/ASSISTENZA-servizi-sociali.jpg","contentUrl":"https:\/\/www.plusinvetrina.it\/cataloghi\/sad\/wp-content\/uploads\/2021\/11\/ASSISTENZA-servizi-sociali.jpg","width":919,"height":618},{"@type":"WebPage","@id":"https:\/\/www.plusinvetrina.it\/cataloghi\/sad\/#webpage","url":"https:\/\/www.plusinvetrina.it\/cataloghi\/sad\/","name":"Catalogo Accreditamento Servizi SAD SET SAS - Plus Ogliastra","isPartOf":{"@id":"https:\/\/www.plusinvetrina.it\/cataloghi\/sad\/#website"},"primaryImageOfPage":{"@id":"https:\/\/www.plusinvetrina.it\/cataloghi\/sad\/#primaryimage"},"datePublished":"2021-11-13T18:48:48+00:00","dateModified":"2022-02-15T15:04:02+00:00","description":"Sistema di interventi e servizi a carattere sociale per utenti in condizioni di fragilit\u00e0 fisica e psichica.","breadcrumb":{"@id":"https:\/\/www.plusinvetrina.it\/cataloghi\/sad\/#breadcrumb"},"inLanguage":"it-IT","potentialAction":[{"@type":"ReadAction","target":["https:\/\/www.plusinvetrina.it\/cataloghi\/sad\/"]}]},{"@type":"BreadcrumbList","@id":"https:\/\/www.plusinvetrina.it\/cataloghi\/sad\/#breadcrumb","itemListElement":[{"@type":"ListItem","position":1,"name":"Home","item":"https:\/\/www.plusinvetrina.it\/cataloghi\/sad\/"},{"@type":"ListItem","position":2,"name":"0. Catalogo Accreditamento Plus Servizi SAD SET SAS"}]}]}},"_links":{"self":[{"href":"https:\/\/www.plusinvetrina.it\/cataloghi\/sad\/wp-json\/wp\/v2\/pages\/380","targetHints":{"allow":["GET"]}}],"collection":[{"href":"https:\/\/www.plusinvetrina.it\/cataloghi\/sad\/wp-json\/wp\/v2\/pages"}],"about":[{"href":"https:\/\/www.plusinvetrina.it\/cataloghi\/sad\/wp-json\/wp\/v2\/types\/page"}],"author":[{"embeddable":true,"href":"https:\/\/www.plusinvetrina.it\/cataloghi\/sad\/wp-json\/wp\/v2\/users\/1"}],"replies":[{"embeddable":true,"href":"https:\/\/www.plusinvetrina.it\/cataloghi\/sad\/wp-json\/wp\/v2\/comments?post=380"}],"version-history":[{"count":13,"href":"https:\/\/www.plusinvetrina.it\/cataloghi\/sad\/wp-json\/wp\/v2\/pages\/380\/revisions"}],"predecessor-version":[{"id":539,"href":"https:\/\/www.plusinvetrina.it\/cataloghi\/sad\/wp-json\/wp\/v2\/pages\/380\/revisions\/539"}],"wp:featuredmedia":[{"embeddable":true,"href":"https:\/\/www.plusinvetrina.it\/cataloghi\/sad\/wp-json\/wp\/v2\/media\/381"}],"wp:attachment":[{"href":"https:\/\/www.plusinvetrina.it\/cataloghi\/sad\/wp-json\/wp\/v2\/media?parent=380"}],"curies":[{"name":"wp","href":"https:\/\/api.w.org\/{rel}","templated":true}]}}